{"version":"1.0","provider_name":"Region Freiburg","provider_url":"https:\/\/fribourg.ch\/de\/","title":"Rundgang der 7 M\u00e4rchen","type":"rich","width":600,"height":338,"html":"<blockquote class=\"wp-embedded-content\" data-secret=\"3URl2TGa0f\"><a href=\"https:\/\/fribourg.ch\/de\/freiburg\/rundgang-7-marchen\/\">Rundgang der 7 M\u00e4rchen<\/a><\/blockquote><iframe sandbox=\"allow-scripts\" security=\"restricted\" src=\"https:\/\/fribourg.ch\/de\/freiburg\/rundgang-7-marchen\/embed\/#?secret=3URl2TGa0f\" width=\"600\" height=\"338\" title=\"&#8222;Rundgang der 7 M\u00e4rchen&#8220; &#8212; Region Freiburg\" data-secret=\"3URl2TGa0f\" frameborder=\"0\" marginwidth=\"0\" marginheight=\"0\" scrolling=\"no\" class=\"wp-embedded-content\"><\/iframe><script type=\"text\/javascript\">\n\/* <![CDATA[ *\/\n\/*! This file is auto-generated *\/\n!function(d,l){\"use strict\";l.querySelector&&d.addEventListener&&\"undefined\"!=typeof URL&&(d.wp=d.wp||{},d.wp.receiveEmbedMessage||(d.wp.receiveEmbedMessage=function(e){var t=e.data;if((t||t.secret||t.message||t.value)&&!\/[^a-zA-Z0-9]\/.test(t.secret)){for(var s,r,n,a=l.querySelectorAll('iframe[data-secret=\"'+t.secret+'\"]'),o=l.querySelectorAll('blockquote[data-secret=\"'+t.secret+'\"]'),c=new RegExp(\"^https?:$\",\"i\"),i=0;i<o.length;i++)o[i].style.display=\"none\";for(i=0;i<a.length;i++)s=a[i],e.source===s.contentWindow&&(s.removeAttribute(\"style\"),\"height\"===t.message?(1e3<(r=parseInt(t.value,10))?r=1e3:~~r<200&&(r=200),s.height=r):\"link\"===t.message&&(r=new URL(s.getAttribute(\"src\")),n=new URL(t.value),c.test(n.protocol))&&n.host===r.host&&l.activeElement===s&&(d.top.location.href=t.value))}},d.addEventListener(\"message\",d.wp.receiveEmbedMessage,!1),l.addEventListener(\"DOMContentLoaded\",function(){for(var e,t,s=l.querySelectorAll(\"iframe.wp-embedded-content\"),r=0;r<s.length;r++)(t=(e=s[r]).getAttribute(\"data-secret\"))||(t=Math.random().toString(36).substring(2,12),e.src+=\"#?secret=\"+t,e.setAttribute(\"data-secret\",t)),e.contentWindow.postMessage({message:\"ready\",secret:t},\"*\")},!1)))}(window,document);\n\/* ]]> *\/\n<\/script>\n","thumbnail_url":"https:\/\/fribourg.ch\/wp-content\/uploads\/2024\/03\/Vue-printemps-1920-x-450.jpg","thumbnail_width":1920,"thumbnail_height":450,"description":"Dieses Projekt entstand aus einer ersten Zusammenarbeit zwischen der Universit\u00e4t Freiburg, ihrem Departement f\u00fcr Sonderp\u00e4dagogik und Freiburg Tourismus. Der Inhalt wurde vollst\u00e4ndig von Sch\u00fclerinnen und Sch\u00fclern der Stiftung \u201eLes Buissonnets\u201c erstellt, welche Kinder, Jugendliche und Erwachsene mit besonderen Bildungsbed\u00fcrfnissen und Behinderungen unterst\u00fctzt und begleitet. Das Projekt richtet sich an Menschen mit geistiger Behinderung, Kinder, Eltern [...]Weiterlesen..."}