{"version":"1.0","provider_name":"R\u00e9gion de Fribourg","provider_url":"https:\/\/fribourg.ch\/fr\/","title":"Jeu-concours Calendrier de l\u2019Apr\u00e8s 2025 termin\u00e9\u00a0","type":"rich","width":600,"height":338,"html":"<blockquote class=\"wp-embedded-content\" data-secret=\"PLbeBGXuDO\"><a href=\"https:\/\/fribourg.ch\/fr\/all\/actualites\/calendrier-lapres\/\">Jeu-concours Calendrier de l\u2019Apr\u00e8s 2025 termin\u00e9\u00a0<\/a><\/blockquote><iframe sandbox=\"allow-scripts\" security=\"restricted\" src=\"https:\/\/fribourg.ch\/fr\/all\/actualites\/calendrier-lapres\/embed\/#?secret=PLbeBGXuDO\" width=\"600\" height=\"338\" title=\"\u00ab\u00a0Jeu-concours Calendrier de l\u2019Apr\u00e8s 2025 termin\u00e9\u00a0\u00a0\u00bb &#8212; R\u00e9gion de Fribourg\" data-secret=\"PLbeBGXuDO\" frameborder=\"0\" marginwidth=\"0\" marginheight=\"0\" scrolling=\"no\" class=\"wp-embedded-content\"><\/iframe><script type=\"text\/javascript\">\n\/* <![CDATA[ *\/\n\/*! This file is auto-generated *\/\n!function(d,l){\"use strict\";l.querySelector&&d.addEventListener&&\"undefined\"!=typeof URL&&(d.wp=d.wp||{},d.wp.receiveEmbedMessage||(d.wp.receiveEmbedMessage=function(e){var t=e.data;if((t||t.secret||t.message||t.value)&&!\/[^a-zA-Z0-9]\/.test(t.secret)){for(var s,r,n,a=l.querySelectorAll('iframe[data-secret=\"'+t.secret+'\"]'),o=l.querySelectorAll('blockquote[data-secret=\"'+t.secret+'\"]'),c=new RegExp(\"^https?:$\",\"i\"),i=0;i<o.length;i++)o[i].style.display=\"none\";for(i=0;i<a.length;i++)s=a[i],e.source===s.contentWindow&&(s.removeAttribute(\"style\"),\"height\"===t.message?(1e3<(r=parseInt(t.value,10))?r=1e3:~~r<200&&(r=200),s.height=r):\"link\"===t.message&&(r=new URL(s.getAttribute(\"src\")),n=new URL(t.value),c.test(n.protocol))&&n.host===r.host&&l.activeElement===s&&(d.top.location.href=t.value))}},d.addEventListener(\"message\",d.wp.receiveEmbedMessage,!1),l.addEventListener(\"DOMContentLoaded\",function(){for(var e,t,s=l.querySelectorAll(\"iframe.wp-embedded-content\"),r=0;r<s.length;r++)(t=(e=s[r]).getAttribute(\"data-secret\"))||(t=Math.random().toString(36).substring(2,12),e.src+=\"#?secret=\"+t,e.setAttribute(\"data-secret\",t)),e.contentWindow.postMessage({message:\"ready\",secret:t},\"*\")},!1)))}(window,document);\n\/* ]]> *\/\n<\/script>\n","thumbnail_url":"https:\/\/fribourg.ch\/wp-content\/uploads\/2022\/11\/ST421_modif.jpg","thumbnail_width":2000,"thumbnail_height":1125,"description":"Traditionnel de la p\u00e9riode de l\u2019Avent, le calendrier offre une parenth\u00e8se ludique ou gourmande en attendant les f\u00eates de No\u00ebl. Mais les surprises ne doivent pas s\u2019arr\u00eater \u00e0 cette p\u00e9riode! C\u2019est pourquoi, durant tout le mois de janvier, nous vous offrons chaque jour une exp\u00e9rience hivernale inoubliable dans le canton de Fribourg.\u00a0 [...]Lire la suite..."}