{"version":"1.0","provider_name":"R\u00e9gion de Fribourg","provider_url":"https:\/\/fribourg.ch\/fr\/","title":"Petit tour de la Brecca","type":"rich","width":600,"height":338,"html":"<blockquote class=\"wp-embedded-content\" data-secret=\"KogAOPwVfB\"><a href=\"https:\/\/fribourg.ch\/fr\/automne\/nature-automnale\/tour-brecca\/\">Petit tour de la Brecca<\/a><\/blockquote><iframe sandbox=\"allow-scripts\" security=\"restricted\" src=\"https:\/\/fribourg.ch\/fr\/automne\/nature-automnale\/tour-brecca\/embed\/#?secret=KogAOPwVfB\" width=\"600\" height=\"338\" title=\"\u00ab\u00a0Petit tour de la Brecca\u00a0\u00bb &#8212; R\u00e9gion de Fribourg\" data-secret=\"KogAOPwVfB\" frameborder=\"0\" marginwidth=\"0\" marginheight=\"0\" scrolling=\"no\" class=\"wp-embedded-content\"><\/iframe><script type=\"text\/javascript\">\n\/* <![CDATA[ *\/\n\/*! This file is auto-generated *\/\n!function(d,l){\"use strict\";l.querySelector&&d.addEventListener&&\"undefined\"!=typeof URL&&(d.wp=d.wp||{},d.wp.receiveEmbedMessage||(d.wp.receiveEmbedMessage=function(e){var t=e.data;if((t||t.secret||t.message||t.value)&&!\/[^a-zA-Z0-9]\/.test(t.secret)){for(var s,r,n,a=l.querySelectorAll('iframe[data-secret=\"'+t.secret+'\"]'),o=l.querySelectorAll('blockquote[data-secret=\"'+t.secret+'\"]'),c=new RegExp(\"^https?:$\",\"i\"),i=0;i<o.length;i++)o[i].style.display=\"none\";for(i=0;i<a.length;i++)s=a[i],e.source===s.contentWindow&&(s.removeAttribute(\"style\"),\"height\"===t.message?(1e3<(r=parseInt(t.value,10))?r=1e3:~~r<200&&(r=200),s.height=r):\"link\"===t.message&&(r=new URL(s.getAttribute(\"src\")),n=new URL(t.value),c.test(n.protocol))&&n.host===r.host&&l.activeElement===s&&(d.top.location.href=t.value))}},d.addEventListener(\"message\",d.wp.receiveEmbedMessage,!1),l.addEventListener(\"DOMContentLoaded\",function(){for(var e,t,s=l.querySelectorAll(\"iframe.wp-embedded-content\"),r=0;r<s.length;r++)(t=(e=s[r]).getAttribute(\"data-secret\"))||(t=Math.random().toString(36).substring(2,12),e.src+=\"#?secret=\"+t,e.setAttribute(\"data-secret\",t)),e.contentWindow.postMessage({message:\"ready\",secret:t},\"*\")},!1)))}(window,document);\n\/* ]]> *\/\n<\/script>\n","description":"Description L\u2019univers fantastique vous fascine? Depuis Schwarzsee, grimpez sur le t\u00e9l\u00e9si\u00e8ge et admirez la vue spectaculaire jusqu\u2019\u00e0 Riggisalp \u00e0 1493 m\u00e8tres. De l\u00e0, vous empruntez le \u00abH\u00f6henweg\u00bb vers la Brecca, o\u00f9 les paysages extraordinaires form\u00e9s par les glaciers ont inspir\u00e9 de nombreuses l\u00e9gendes. Les \u00e9rables sycomores aux formes marquantes ajoutent une touche mystique \u00e0 cette [...]Lire la suite...","thumbnail_url":"default"}