{"version":"1.0","provider_name":"R\u00e9gion de Fribourg","provider_url":"https:\/\/fribourg.ch\/fr\/","title":"Les balades cont\u00e9es \u00e0 la nuit tomb\u00e9e","type":"rich","width":600,"height":338,"html":"<blockquote class=\"wp-embedded-content\" data-secret=\"VetV2HRPHD\"><a href=\"https:\/\/fribourg.ch\/fr\/fribourg\/actualites\/les-balades-contees-a-la-nuit-tombee\/\">Les balades cont\u00e9es \u00e0 la nuit tomb\u00e9e<\/a><\/blockquote><iframe sandbox=\"allow-scripts\" security=\"restricted\" src=\"https:\/\/fribourg.ch\/fr\/fribourg\/actualites\/les-balades-contees-a-la-nuit-tombee\/embed\/#?secret=VetV2HRPHD\" width=\"600\" height=\"338\" title=\"\u00ab\u00a0Les balades cont\u00e9es \u00e0 la nuit tomb\u00e9e\u00a0\u00bb &#8212; R\u00e9gion de Fribourg\" data-secret=\"VetV2HRPHD\" frameborder=\"0\" marginwidth=\"0\" marginheight=\"0\" scrolling=\"no\" class=\"wp-embedded-content\"><\/iframe><script type=\"text\/javascript\">\n\/* <![CDATA[ *\/\n\/*! This file is auto-generated *\/\n!function(d,l){\"use strict\";l.querySelector&&d.addEventListener&&\"undefined\"!=typeof URL&&(d.wp=d.wp||{},d.wp.receiveEmbedMessage||(d.wp.receiveEmbedMessage=function(e){var t=e.data;if((t||t.secret||t.message||t.value)&&!\/[^a-zA-Z0-9]\/.test(t.secret)){for(var s,r,n,a=l.querySelectorAll('iframe[data-secret=\"'+t.secret+'\"]'),o=l.querySelectorAll('blockquote[data-secret=\"'+t.secret+'\"]'),c=new RegExp(\"^https?:$\",\"i\"),i=0;i<o.length;i++)o[i].style.display=\"none\";for(i=0;i<a.length;i++)s=a[i],e.source===s.contentWindow&&(s.removeAttribute(\"style\"),\"height\"===t.message?(1e3<(r=parseInt(t.value,10))?r=1e3:~~r<200&&(r=200),s.height=r):\"link\"===t.message&&(r=new URL(s.getAttribute(\"src\")),n=new URL(t.value),c.test(n.protocol))&&n.host===r.host&&l.activeElement===s&&(d.top.location.href=t.value))}},d.addEventListener(\"message\",d.wp.receiveEmbedMessage,!1),l.addEventListener(\"DOMContentLoaded\",function(){for(var e,t,s=l.querySelectorAll(\"iframe.wp-embedded-content\"),r=0;r<s.length;r++)(t=(e=s[r]).getAttribute(\"data-secret\"))||(t=Math.random().toString(36).substring(2,12),e.src+=\"#?secret=\"+t,e.setAttribute(\"data-secret\",t)),e.contentWindow.postMessage({message:\"ready\",secret:t},\"*\")},!1)))}(window,document);\n\/* ]]> *\/\n<\/script>\n","thumbnail_url":"https:\/\/fribourg.ch\/wp-content\/uploads\/2021\/11\/B9Y9819_redim.webp","thumbnail_width":1920,"thumbnail_height":1280,"description":"\u00c0 la tomb\u00e9e du jour, laissez-vous guider \u00e0 travers les ruelles pav\u00e9es et les ponts de la Basse-Ville lors d\u2019une balade cont\u00e9e pleine de charme et de myst\u00e8re. Accompagn\u00e9s par un chevalier et une comm\u00e8re, vous partirez \u00e0 la rencontre d\u2019histoires \u00e9tonnantes, de l\u00e9gendes oubli\u00e9es et de personnages hauts en couleur qui ont fa\u00e7onn\u00e9 l\u2019\u00e2me [...]Lire la suite..."}