{"version":"1.0","provider_name":"R\u00e9gion de Fribourg","provider_url":"https:\/\/fribourg.ch\/fr\/","title":"Les 100 ans de la Cath\u00e9drale St-Nicolas","type":"rich","width":600,"height":338,"html":"<blockquote class=\"wp-embedded-content\" data-secret=\"1kPV2n2DrE\"><a href=\"https:\/\/fribourg.ch\/fr\/fribourg\/les-100-ans-de-la-cathedrale-st-nicolas\/\">Les 100 ans de la Cath\u00e9drale St-Nicolas<\/a><\/blockquote><iframe sandbox=\"allow-scripts\" security=\"restricted\" src=\"https:\/\/fribourg.ch\/fr\/fribourg\/les-100-ans-de-la-cathedrale-st-nicolas\/embed\/#?secret=1kPV2n2DrE\" width=\"600\" height=\"338\" title=\"\u00ab\u00a0Les 100 ans de la Cath\u00e9drale St-Nicolas\u00a0\u00bb &#8212; R\u00e9gion de Fribourg\" data-secret=\"1kPV2n2DrE\" frameborder=\"0\" marginwidth=\"0\" marginheight=\"0\" scrolling=\"no\" class=\"wp-embedded-content\"><\/iframe><script type=\"text\/javascript\">\n\/* <![CDATA[ *\/\n\/*! This file is auto-generated *\/\n!function(d,l){\"use strict\";l.querySelector&&d.addEventListener&&\"undefined\"!=typeof URL&&(d.wp=d.wp||{},d.wp.receiveEmbedMessage||(d.wp.receiveEmbedMessage=function(e){var t=e.data;if((t||t.secret||t.message||t.value)&&!\/[^a-zA-Z0-9]\/.test(t.secret)){for(var s,r,n,a=l.querySelectorAll('iframe[data-secret=\"'+t.secret+'\"]'),o=l.querySelectorAll('blockquote[data-secret=\"'+t.secret+'\"]'),c=new RegExp(\"^https?:$\",\"i\"),i=0;i<o.length;i++)o[i].style.display=\"none\";for(i=0;i<a.length;i++)s=a[i],e.source===s.contentWindow&&(s.removeAttribute(\"style\"),\"height\"===t.message?(1e3<(r=parseInt(t.value,10))?r=1e3:~~r<200&&(r=200),s.height=r):\"link\"===t.message&&(r=new URL(s.getAttribute(\"src\")),n=new URL(t.value),c.test(n.protocol))&&n.host===r.host&&l.activeElement===s&&(d.top.location.href=t.value))}},d.addEventListener(\"message\",d.wp.receiveEmbedMessage,!1),l.addEventListener(\"DOMContentLoaded\",function(){for(var e,t,s=l.querySelectorAll(\"iframe.wp-embedded-content\"),r=0;r<s.length;r++)(t=(e=s[r]).getAttribute(\"data-secret\"))||(t=Math.random().toString(36).substring(2,12),e.src+=\"#?secret=\"+t,e.setAttribute(\"data-secret\",t)),e.contentWindow.postMessage({message:\"ready\",secret:t},\"*\")},!1)))}(window,document);\n\/* ]]> *\/\n<\/script>\n","thumbnail_url":"https:\/\/fribourg.ch\/wp-content\/uploads\/2022\/02\/Cathedrale-header_1.jpg","thumbnail_width":1920,"thumbnail_height":450,"description":"La cath\u00e9drale de Fribourg f\u00eate ses 100 ans Les habitants de Fribourg en ont fait un symbole de leur ville depuis des si\u00e8cles. Mais il faut attendre 1924 pour que la coll\u00e9giale St-Nicolas devienne la cath\u00e9drale du dioc\u00e8se de Lausanne, Gen\u00e8ve et Fribourg. Pour f\u00eater ses 100 ans, la cath\u00e9drale vous ouvre ses portes. L\u2019occasion [...]Lire la suite..."}