{"version":"1.0","provider_name":"R\u00e9gion de Fribourg","provider_url":"https:\/\/fribourg.ch\/fr\/","title":"Concours Morat Festival des Lumi\u00e8res 2026","type":"rich","width":600,"height":338,"html":"<blockquote class=\"wp-embedded-content\" data-secret=\"4f0cEGNVUw\"><a href=\"https:\/\/fribourg.ch\/fr\/regionlacdemorat\/concours-murten-licht-festival-2026\/\">Concours Morat Festival des Lumi\u00e8res 2026<\/a><\/blockquote><iframe sandbox=\"allow-scripts\" security=\"restricted\" src=\"https:\/\/fribourg.ch\/fr\/regionlacdemorat\/concours-murten-licht-festival-2026\/embed\/#?secret=4f0cEGNVUw\" width=\"600\" height=\"338\" title=\"\u00ab\u00a0Concours Morat Festival des Lumi\u00e8res 2026\u00a0\u00bb &#8212; R\u00e9gion de Fribourg\" data-secret=\"4f0cEGNVUw\" frameborder=\"0\" marginwidth=\"0\" marginheight=\"0\" scrolling=\"no\" class=\"wp-embedded-content\"><\/iframe><script type=\"text\/javascript\">\n\/* <![CDATA[ *\/\n\/*! This file is auto-generated *\/\n!function(d,l){\"use strict\";l.querySelector&&d.addEventListener&&\"undefined\"!=typeof URL&&(d.wp=d.wp||{},d.wp.receiveEmbedMessage||(d.wp.receiveEmbedMessage=function(e){var t=e.data;if((t||t.secret||t.message||t.value)&&!\/[^a-zA-Z0-9]\/.test(t.secret)){for(var s,r,n,a=l.querySelectorAll('iframe[data-secret=\"'+t.secret+'\"]'),o=l.querySelectorAll('blockquote[data-secret=\"'+t.secret+'\"]'),c=new RegExp(\"^https?:$\",\"i\"),i=0;i<o.length;i++)o[i].style.display=\"none\";for(i=0;i<a.length;i++)s=a[i],e.source===s.contentWindow&&(s.removeAttribute(\"style\"),\"height\"===t.message?(1e3<(r=parseInt(t.value,10))?r=1e3:~~r<200&&(r=200),s.height=r):\"link\"===t.message&&(r=new URL(s.getAttribute(\"src\")),n=new URL(t.value),c.test(n.protocol))&&n.host===r.host&&l.activeElement===s&&(d.top.location.href=t.value))}},d.addEventListener(\"message\",d.wp.receiveEmbedMessage,!1),l.addEventListener(\"DOMContentLoaded\",function(){for(var e,t,s=l.querySelectorAll(\"iframe.wp-embedded-content\"),r=0;r<s.length;r++)(t=(e=s[r]).getAttribute(\"data-secret\"))||(t=Math.random().toString(36).substring(2,12),e.src+=\"#?secret=\"+t,e.setAttribute(\"data-secret\",t)),e.contentWindow.postMessage({message:\"ready\",secret:t},\"*\")},!1)))}(window,document);\n\/* ]]> *\/\n<\/script>\n","thumbnail_url":"https:\/\/fribourg.ch\/wp-content\/uploads\/2025\/11\/Kopie-von-_Murten_Licht_2025_Carim_017-SD-1-1.jpg","thumbnail_width":1500,"thumbnail_height":1000,"description":"D\u00e9couvre l\u2019univers fascinant du Festival des Lumi\u00e8res de Morat et laisse-toi \u00e9merveiller par des installations lumineuses artistiques, des projections et une ambiance unique. Tente ta chance et gagne l\u2019un des cinq lots de deux entr\u00e9es pour la 10\u00e8me \u00e9dition du Festival des Lumi\u00e8res de Morat. Les heureux\u00b7ses gagnant\u00b7e\u00b7s pourront vivre une exp\u00e9rience inoubliable et profiter [...]Lire la suite..."}