{"version":"1.0","provider_name":"R\u00e9gion de Fribourg","provider_url":"https:\/\/fribourg.ch\/fr\/","title":"Le Fournil de S\u00e9b","type":"rich","width":600,"height":338,"html":"<blockquote class=\"wp-embedded-content\" data-secret=\"P9uwlOWvtn\"><a href=\"https:\/\/fribourg.ch\/fr\/terroir-fribourg\/producteurs\/le-fournil-de-seb\/\">Le Fournil de S\u00e9b<\/a><\/blockquote><iframe sandbox=\"allow-scripts\" security=\"restricted\" src=\"https:\/\/fribourg.ch\/fr\/terroir-fribourg\/producteurs\/le-fournil-de-seb\/embed\/#?secret=P9uwlOWvtn\" width=\"600\" height=\"338\" title=\"\u00ab\u00a0Le Fournil de S\u00e9b\u00a0\u00bb &#8212; R\u00e9gion de Fribourg\" data-secret=\"P9uwlOWvtn\" frameborder=\"0\" marginwidth=\"0\" marginheight=\"0\" scrolling=\"no\" class=\"wp-embedded-content\"><\/iframe><script type=\"text\/javascript\">\n\/* <![CDATA[ *\/\n\/*! This file is auto-generated *\/\n!function(d,l){\"use strict\";l.querySelector&&d.addEventListener&&\"undefined\"!=typeof URL&&(d.wp=d.wp||{},d.wp.receiveEmbedMessage||(d.wp.receiveEmbedMessage=function(e){var t=e.data;if((t||t.secret||t.message||t.value)&&!\/[^a-zA-Z0-9]\/.test(t.secret)){for(var s,r,n,a=l.querySelectorAll('iframe[data-secret=\"'+t.secret+'\"]'),o=l.querySelectorAll('blockquote[data-secret=\"'+t.secret+'\"]'),c=new RegExp(\"^https?:$\",\"i\"),i=0;i<o.length;i++)o[i].style.display=\"none\";for(i=0;i<a.length;i++)s=a[i],e.source===s.contentWindow&&(s.removeAttribute(\"style\"),\"height\"===t.message?(1e3<(r=parseInt(t.value,10))?r=1e3:~~r<200&&(r=200),s.height=r):\"link\"===t.message&&(r=new URL(s.getAttribute(\"src\")),n=new URL(t.value),c.test(n.protocol))&&n.host===r.host&&l.activeElement===s&&(d.top.location.href=t.value))}},d.addEventListener(\"message\",d.wp.receiveEmbedMessage,!1),l.addEventListener(\"DOMContentLoaded\",function(){for(var e,t,s=l.querySelectorAll(\"iframe.wp-embedded-content\"),r=0;r<s.length;r++)(t=(e=s[r]).getAttribute(\"data-secret\"))||(t=Math.random().toString(36).substring(2,12),e.src+=\"#?secret=\"+t,e.setAttribute(\"data-secret\",t)),e.contentWindow.postMessage({message:\"ready\",secret:t},\"*\")},!1)))}(window,document);\n\/* ]]> *\/\n<\/script>\n","description":"Pr\u00e9sentation La boulangerie artisanale \u00ab\u00a0Le Fournil de Seb\u00a0\u00bb a \u00e9t\u00e9 cr\u00e9\u00e9e en 2016. Sonja et S\u00e9bastien P\u00e9risset sont aux commandes d&rsquo;une petite \u00e9quipe compos\u00e9e de trois vendeuses et deux boulang\u00e8res. Leurs sp\u00e9cialit\u00e9s sont bien \u00e9videmment les g\u00e2teaux du Vully sucr\u00e9s et sal\u00e9s mais aussi les fl\u00fbtes au beurre, les pains balances, tresses et Cuchaule AOP, [...]Lire la suite...","thumbnail_url":"default"}