{"version":"1.0","provider_name":"R\u00e9gion de Fribourg","provider_url":"https:\/\/fribourg.ch\/fr\/","title":"Bisc\u00f4mes de la Saint-Nicolas","type":"rich","width":600,"height":338,"html":"<blockquote class=\"wp-embedded-content\" data-secret=\"MdC3midfiS\"><a href=\"https:\/\/fribourg.ch\/fr\/terroir-fribourg\/produits\/biscomes-saint-nicolas\/\">Bisc\u00f4mes de la Saint-Nicolas<\/a><\/blockquote><iframe sandbox=\"allow-scripts\" security=\"restricted\" src=\"https:\/\/fribourg.ch\/fr\/terroir-fribourg\/produits\/biscomes-saint-nicolas\/embed\/#?secret=MdC3midfiS\" width=\"600\" height=\"338\" title=\"\u00ab\u00a0Bisc\u00f4mes de la Saint-Nicolas\u00a0\u00bb &#8212; R\u00e9gion de Fribourg\" data-secret=\"MdC3midfiS\" frameborder=\"0\" marginwidth=\"0\" marginheight=\"0\" scrolling=\"no\" class=\"wp-embedded-content\"><\/iframe><script type=\"text\/javascript\">\n\/* <![CDATA[ *\/\n\/*! This file is auto-generated *\/\n!function(d,l){\"use strict\";l.querySelector&&d.addEventListener&&\"undefined\"!=typeof URL&&(d.wp=d.wp||{},d.wp.receiveEmbedMessage||(d.wp.receiveEmbedMessage=function(e){var t=e.data;if((t||t.secret||t.message||t.value)&&!\/[^a-zA-Z0-9]\/.test(t.secret)){for(var s,r,n,a=l.querySelectorAll('iframe[data-secret=\"'+t.secret+'\"]'),o=l.querySelectorAll('blockquote[data-secret=\"'+t.secret+'\"]'),c=new RegExp(\"^https?:$\",\"i\"),i=0;i<o.length;i++)o[i].style.display=\"none\";for(i=0;i<a.length;i++)s=a[i],e.source===s.contentWindow&&(s.removeAttribute(\"style\"),\"height\"===t.message?(1e3<(r=parseInt(t.value,10))?r=1e3:~~r<200&&(r=200),s.height=r):\"link\"===t.message&&(r=new URL(s.getAttribute(\"src\")),n=new URL(t.value),c.test(n.protocol))&&n.host===r.host&&l.activeElement===s&&(d.top.location.href=t.value))}},d.addEventListener(\"message\",d.wp.receiveEmbedMessage,!1),l.addEventListener(\"DOMContentLoaded\",function(){for(var e,t,s=l.querySelectorAll(\"iframe.wp-embedded-content\"),r=0;r<s.length;r++)(t=(e=s[r]).getAttribute(\"data-secret\"))||(t=Math.random().toString(36).substring(2,12),e.src+=\"#?secret=\"+t,e.setAttribute(\"data-secret\",t)),e.contentWindow.postMessage({message:\"ready\",secret:t},\"*\")},!1)))}(window,document);\n\/* ]]> *\/\n<\/script>\n","description":"Comment ne pas associer le bisc\u00f4me \u00e0 la Saint-Nicolas ? Le premier bisc\u00f4me de l\u2019ann\u00e9e, croqu\u00e9 en novembre ou en d\u00e9cembre, agit comme une madeleine de Proust pour les Fribourgeois. Dans le canton de Fribourg, tant ce d\u00e9licieux pain d\u2019\u00e9pices que la c\u00e9l\u00e9bration de la Saint-Nicolas et le fameux cort\u00e8ge le premier samedi de d\u00e9cembre, [...]Lire la suite...","thumbnail_url":"default"}