{"version":"1.0","provider_name":"R\u00e9gion de Fribourg","provider_url":"https:\/\/fribourg.ch\/fr\/","title":"Sophie Rouvenaz, un esprit d\u2019entreprise au service de l\u2019h\u00f4tellerie","type":"rich","width":600,"height":338,"html":"<blockquote class=\"wp-embedded-content\" data-secret=\"VaQ52CXGbl\"><a href=\"https:\/\/fribourg.ch\/fr\/uft-ftv\/fier-de-fribourg\/sophie-rouvenaz\/\">Sophie Rouvenaz, un esprit d\u2019entreprise au service de l\u2019h\u00f4tellerie<\/a><\/blockquote><iframe sandbox=\"allow-scripts\" security=\"restricted\" src=\"https:\/\/fribourg.ch\/fr\/uft-ftv\/fier-de-fribourg\/sophie-rouvenaz\/embed\/#?secret=VaQ52CXGbl\" width=\"600\" height=\"338\" title=\"\u00ab\u00a0Sophie Rouvenaz, un esprit d\u2019entreprise au service de l\u2019h\u00f4tellerie\u00a0\u00bb &#8212; R\u00e9gion de Fribourg\" data-secret=\"VaQ52CXGbl\" frameborder=\"0\" marginwidth=\"0\" marginheight=\"0\" scrolling=\"no\" class=\"wp-embedded-content\"><\/iframe><script type=\"text\/javascript\">\n\/* <![CDATA[ *\/\n\/*! This file is auto-generated *\/\n!function(d,l){\"use strict\";l.querySelector&&d.addEventListener&&\"undefined\"!=typeof URL&&(d.wp=d.wp||{},d.wp.receiveEmbedMessage||(d.wp.receiveEmbedMessage=function(e){var t=e.data;if((t||t.secret||t.message||t.value)&&!\/[^a-zA-Z0-9]\/.test(t.secret)){for(var s,r,n,a=l.querySelectorAll('iframe[data-secret=\"'+t.secret+'\"]'),o=l.querySelectorAll('blockquote[data-secret=\"'+t.secret+'\"]'),c=new RegExp(\"^https?:$\",\"i\"),i=0;i<o.length;i++)o[i].style.display=\"none\";for(i=0;i<a.length;i++)s=a[i],e.source===s.contentWindow&&(s.removeAttribute(\"style\"),\"height\"===t.message?(1e3<(r=parseInt(t.value,10))?r=1e3:~~r<200&&(r=200),s.height=r):\"link\"===t.message&&(r=new URL(s.getAttribute(\"src\")),n=new URL(t.value),c.test(n.protocol))&&n.host===r.host&&l.activeElement===s&&(d.top.location.href=t.value))}},d.addEventListener(\"message\",d.wp.receiveEmbedMessage,!1),l.addEventListener(\"DOMContentLoaded\",function(){for(var e,t,s=l.querySelectorAll(\"iframe.wp-embedded-content\"),r=0;r<s.length;r++)(t=(e=s[r]).getAttribute(\"data-secret\"))||(t=Math.random().toString(36).substring(2,12),e.src+=\"#?secret=\"+t,e.setAttribute(\"data-secret\",t)),e.contentWindow.postMessage({message:\"ready\",secret:t},\"*\")},!1)))}(window,document);\n\/* ]]> *\/\n<\/script>\n","thumbnail_url":"https:\/\/fribourg.ch\/wp-content\/uploads\/2024\/09\/sophie-rouvenaz-5-scaled.jpg","thumbnail_width":2560,"thumbnail_height":600,"description":"D\u00e8s son plus jeune \u00e2ge, Sophie Rouvenazappr\u00e9cie le contact des clients du commerce de chaussures de son p\u00e8re. Le job d\u2019\u00e9tudiante effectu\u00e9 dans un h\u00f4tel de Gruy\u00e8res lui ouvre la voie de l\u2019Ecole h\u00f4teli\u00e8re de Lausanne, couronn\u00e9e d\u2019un MBA. Sa carri\u00e8re d\u00e9bute au si\u00e8ge du groupe Accor \u00e0 Crissier \u00e0 qui elle reste li\u00e9e encore [...]Lire la suite..."}