{"version":"1.0","provider_name":"R\u00e9gion de Fribourg","provider_url":"https:\/\/fribourg.ch\/fr\/","title":"Nominations et labellisations","type":"rich","width":600,"height":338,"html":"<blockquote class=\"wp-embedded-content\" data-secret=\"z7lbUUN4st\"><a href=\"https:\/\/fribourg.ch\/fr\/uft-ftv\/nominations-labellisations\/\">Nominations et labellisations<\/a><\/blockquote><iframe sandbox=\"allow-scripts\" security=\"restricted\" src=\"https:\/\/fribourg.ch\/fr\/uft-ftv\/nominations-labellisations\/embed\/#?secret=z7lbUUN4st\" width=\"600\" height=\"338\" title=\"\u00ab\u00a0Nominations et labellisations\u00a0\u00bb &#8212; R\u00e9gion de Fribourg\" data-secret=\"z7lbUUN4st\" frameborder=\"0\" marginwidth=\"0\" marginheight=\"0\" scrolling=\"no\" class=\"wp-embedded-content\"><\/iframe><script type=\"text\/javascript\">\n\/* <![CDATA[ *\/\n\/*! This file is auto-generated *\/\n!function(d,l){\"use strict\";l.querySelector&&d.addEventListener&&\"undefined\"!=typeof URL&&(d.wp=d.wp||{},d.wp.receiveEmbedMessage||(d.wp.receiveEmbedMessage=function(e){var t=e.data;if((t||t.secret||t.message||t.value)&&!\/[^a-zA-Z0-9]\/.test(t.secret)){for(var s,r,n,a=l.querySelectorAll('iframe[data-secret=\"'+t.secret+'\"]'),o=l.querySelectorAll('blockquote[data-secret=\"'+t.secret+'\"]'),c=new RegExp(\"^https?:$\",\"i\"),i=0;i<o.length;i++)o[i].style.display=\"none\";for(i=0;i<a.length;i++)s=a[i],e.source===s.contentWindow&&(s.removeAttribute(\"style\"),\"height\"===t.message?(1e3<(r=parseInt(t.value,10))?r=1e3:~~r<200&&(r=200),s.height=r):\"link\"===t.message&&(r=new URL(s.getAttribute(\"src\")),n=new URL(t.value),c.test(n.protocol))&&n.host===r.host&&l.activeElement===s&&(d.top.location.href=t.value))}},d.addEventListener(\"message\",d.wp.receiveEmbedMessage,!1),l.addEventListener(\"DOMContentLoaded\",function(){for(var e,t,s=l.querySelectorAll(\"iframe.wp-embedded-content\"),r=0;r<s.length;r++)(t=(e=s[r]).getAttribute(\"data-secret\"))||(t=Math.random().toString(36).substring(2,12),e.src+=\"#?secret=\"+t,e.setAttribute(\"data-secret\",t)),e.contentWindow.postMessage({message:\"ready\",secret:t},\"*\")},!1)))}(window,document);\n\/* ]]> *\/\n<\/script>\n","description":"Gruy\u00e8res et Morat nomin\u00e9s Best Tourism Village&nbsp;&nbsp; Gruy\u00e8res et Morat ont \u00e9t\u00e9 sacr\u00e9es par l\u2019Organisation mondiale du tourisme (OMT) comme \u00ab\u00a0Best Tourism Village\u00a0\u00bb, respectivement en 2021 et 2022. Ce label prestigieux r\u00e9compense des destinations rurales qui se d\u00e9marquent par la richesse de leur patrimoine, la pr\u00e9servation de leur identit\u00e9 locale et leur engagement en faveur [...]Lire la suite...","thumbnail_url":"default"}